{"id":11,"date":"2016-02-29T11:35:41","date_gmt":"2016-02-29T11:35:41","guid":{"rendered":"http:\/\/blogs.uab.cat\/catalaeducacio\/?page_id=11"},"modified":"2020-11-24T08:20:17","modified_gmt":"2020-11-24T08:20:17","slug":"expressio-oral","status":"publish","type":"page","link":"https:\/\/blogs.uab.cat\/catalaeducacio\/expressio-oral\/","title":{"rendered":"Expressi\u00f3 oral"},"content":{"rendered":"<p>&nbsp;<\/p>\n<p><strong>Objectius<\/strong><\/p>\n<p>En aquest nivell cal tenir la capacitat de produir una exposici\u00f3 oral <strong>estructurada<\/strong>, <strong>coherent<\/strong> i <strong>adequada<\/strong> a la situaci\u00f3 comunicativa. A classe practicarem tant mon\u00f2legs adre\u00e7ats a adults en situacions m\u00e9s formals (reunions de pares, intervencions al claustre o en jornades educatives, etc.) com situacions quotidianes de l&#8217;aula i de l&#8217;escola (donar instruccions per dur a terme una activitat a classe&#8230;).<\/p>\n<p>Tant en una situaci\u00f3 com en l&#8217;altra, cal expressar-se amb\u00a0<strong>flu\u00efdesa<\/strong>, amb\u00a0<strong>flexibilitat<\/strong>\u00a0de recursos i amb\u00a0<strong>correcci\u00f3<\/strong>\u00a0fon\u00e8tica, gramatical i l\u00e8xica.<\/p>\n<p>&nbsp;<\/p>\n<p><strong>Prova d\u2019expressi\u00f3 oral<\/strong><\/p>\n<p>La prova per a mestres inclou una prova d&#8217;expressi\u00f3 oral que consta de dues parts:<\/p>\n<p>1) <strong>Interaccions guiades<\/strong> de l\u2019\u00e0mbit educatiu. La tasca consisteix a completar frases en veu alta pr\u00f2pies del context educatiu per tal d\u2019avaluar el coneixement de determinades estructures gramaticals i l\u00e8xiques.<\/p>\n<p>2) <strong>Mon\u00f2leg breu + interacci\u00f3 formal<\/strong>. El mon\u00f2leg consisteix en una exposici\u00f3 breu en una situaci\u00f3 formal. Despr\u00e9s del mon\u00f2leg, l&#8217;examinand haur\u00e0 de respondre algunes preguntes relacionades amb la seva intervenci\u00f3.<\/p>\n<p style=\"text-align: center\"><strong>***<\/strong><\/p>\n<p>&nbsp;<\/p>\n<p><strong>Propostes de mon\u00f2leg breu<\/strong><\/p>\n<p><em><strong>Proposta 1<\/strong><\/em><\/p>\n<p>Un grup de mestres de la teva escola vol proposar d&#8217;organitzar <strong>una activitat nova<\/strong> al centre. Tu ets la persona encarregada de presentar-la davant del claustre.<\/p>\n<p>En aquesta <strong>presentaci\u00f3<\/strong> cal que:<\/p>\n<p>&#8211; presentis en qu\u00e8 consisteix la proposta,<\/p>\n<p>&#8211; n&#8217;exposis els objectius i comentis alguna de les activitats previstes,<\/p>\n<p>&#8211; argumentis la utilitat de la vostra proposta.<\/p>\n<p>El <strong>mon\u00f2leg<\/strong> ha de tenir una durada de 3- 4 minuts. Despr\u00e9s de la presentaci\u00f3,\u00a0 els mestres et faran <strong>algunes preguntes<\/strong> relacionades amb la teva intervenci\u00f3.<\/p>\n<p>&nbsp;<\/p>\n<p><strong><em>Proposta 2<\/em><br \/>\n<\/strong><\/p>\n<p>L&#8217;equip directiu t&#8217;ha proposat de participar en la <strong>jornada de portes obertes<\/strong> de la teva escola presentant-hi el dia a dia de la classe i les caracter\u00edstiques del grup.<\/p>\n<p>En aquesta <strong>presentaci\u00f3<\/strong> cal que:<\/p>\n<p>&#8211; expliquis breument les caracter\u00edstiques del grup d&#8217;alumnes,<\/p>\n<p>&#8211; exposis com s&#8217;organitzen les classes i les activitats programades,<\/p>\n<p>&#8211; argumentis per qu\u00e8 aquesta manera de treballar \u00e9s \u00fatil i efica\u00e7.<\/p>\n<p>Si vols, pots inspirar-te en <a href=\"https:\/\/www.youtube.com\/watch?v=ZBoCAvJgVjY\">aquest v\u00eddeo<\/a> d&#8217;un grup d&#8217;Educaci\u00f3 Infantil.<\/p>\n<p style=\"color: #333333\">El <strong>mon\u00f2leg<\/strong> ha de tenir una durada de 3- 4 minuts. Despr\u00e9s de la presentaci\u00f3,\u00a0 els pares et faran <strong>algunes preguntes<\/strong> relacionades amb la teva intervenci\u00f3.<\/p>\n<p>&nbsp;<\/p>\n<p><strong><em>Proposta 3<\/em><br \/>\n<\/strong><\/p>\n<p>Has decidit assistir a una <strong>reuni\u00f3 amb l&#8217;AMPA<\/strong> de l&#8217;escola per tal de presentar-hi una activitat que voleu organitzar i demanar als pares que hi col\u00b7laborin.<\/p>\n<p>En aquesta <strong>presentaci\u00f3<\/strong> cal que:<\/p>\n<p>&#8211; expliquis breument en qu\u00e8 consisteix aquesta activitat,<\/p>\n<p>&#8211; exposis com els pares hi poden participar,<\/p>\n<p>&#8211; argumentis per qu\u00e8 \u00e9s important que els pares hi col\u00b7laborin.<\/p>\n<p style=\"color: #333333\">El <strong>mon\u00f2leg<\/strong> ha de tenir una durada de 3- 4 minuts. Despr\u00e9s de la presentaci\u00f3,\u00a0 els pares et faran <strong>algunes preguntes<\/strong> relacionades amb la teva intervenci\u00f3.<\/p>\n<p style=\"color: #333333;text-align: center\"><strong>***<\/strong><\/p>\n<p><strong>FON\u00c8TICA<\/strong><\/p>\n<p>Si la teva primera llengua no \u00e9s el catal\u00e0, pots tenir algunes dificultats per pronunciar correctament tots els fonemes. Aqu\u00ed t\u2019oferim algunes indicacions.<\/p>\n<ul>\n<li><a href=\"https:\/\/www.guiesdepronunciacio.cat\/ca\/espanyol-peninsular-catal%C3%A0\">Quadre comparatiu entre els fonemes del catal\u00e0 i els de l\u2019espanyol peninsular<\/a><\/li>\n<li>Guia de correcci\u00f3 fon\u00e8tica de Gabriel Bibiloni, amb passos pr\u00e0ctics per millorar la pron\u00fancia i corregir els defectes (escrita en variant balear)\n<ul>\n<li><a href=\"http:\/\/bibiloni.cat\/correcciofonetica\/index.html\">\u00cdndex general<\/a><\/li>\n<li><a href=\"http:\/\/bibiloni.cat\/correcciofonetica\/bl.htm\">Fonemes per millorar<\/a> (llista a baix de tot de la p\u00e0gina)<\/li>\n<\/ul>\n<\/li>\n<li><a href=\"http:\/\/www.ub.edu\/sonscatala\/ca\/central\">Exemples de pron\u00fancia de tots els fonemes clicant damunt el s\u00edmbol i despr\u00e9s, damunt <em>v\u00eddeo<\/em><\/a><\/li>\n<li><a href=\"http:\/\/esadir.cat\/gramatica\/criteris\">Guia aprofundida de pron\u00fancia en catal\u00e0 (casos problem\u00e0tics, sense \u00e0udio)<\/a><\/li>\n<li><a href=\"https:\/\/a1048946-190d-4ca2-b58c-c20c77ce08d4.filesusr.com\/ugd\/25906a_948984385a714a66b43a5e33c6200969.pdf\">Proposta de pr\u00e0ctica<\/a><\/li>\n<\/ul>\n<p style=\"text-align: center\">***<\/p>\n<p style=\"color: #333333\"><strong>Abans de comen\u00e7ar a preparar el mon\u00f2leg breu<\/strong><\/p>\n<ul style=\"color: #333333\">\n<li style=\"list-style-type: none\">\n<ul style=\"color: #333333\">\n<li style=\"list-style-type: none\">\n<ul>\n<li>Situa\u2019t amb aquesta\u00a0<a style=\"color: #006ca2\" href=\"http:\/\/wuster.uab.es\/web_argumenta_proces\/unit_09\/pop_avaluacio_inici.html\" target=\"_blank\" rel=\"noopener noreferrer\">avaluaci\u00f3 inicial<\/a>.<\/li>\n<li>Revisa l\u2019<a style=\"color: #006ca2\" href=\"http:\/\/wuster.uab.es\/web_argumenta_proces\/unit_09\/sot_2_02.html\" target=\"_blank\" rel=\"noopener noreferrer\">estructura<\/a>\u00a0de l\u2019exposici\u00f3 oral.<\/li>\n<li>Aprofundeix en els aspectes te\u00f2rics\u00a0de l&#8217;<a href=\"http:\/\/aplicacions.llengua.gencat.cat\/itineraris-aprenentatge\/suficiencia\/sgt\/sgt4\/sgt4.htm\" target=\"_blank\" rel=\"noopener noreferrer\">exposici\u00f3 oral<\/a>.<\/li>\n<li>Mira aquest cas pr\u00e0ctic en el web\u00a0<a href=\"http:\/\/www.upc.edu\/slt\/comcomunicar\/curso.php?idCurso=oral\" target=\"_blank\" rel=\"noopener noreferrer\">com comunicar<\/a>\u00a0i reflexiona sobre all\u00f2 que no s\u2019ha de fer en una intervenci\u00f3 oral.<\/li>\n<\/ul>\n<\/li>\n<li style=\"list-style-type: none\">\n<ul>\n<li>Fes la\u00a0<strong>valoraci\u00f3 global<\/strong>\u00a0de la intervenci\u00f3 anterior a partir de la r\u00fabrica de la p\u00e0gina\u00a0<a href=\"http:\/\/www.upc.edu\/slt\/comcomunicar\/curso.php?idCurso=oral\" target=\"_blank\" rel=\"noopener noreferrer\">test<\/a>\u00a0i comprova les teves respostes amb l\u2019avaluaci\u00f3 proposada. Et poden ajudar tamb\u00e9 aquests\u00a0<a href=\"http:\/\/www.upc.edu\/slt\/comcomunicar\/files\/consells_oral_ca.pdf\" target=\"_blank\" rel=\"noopener noreferrer\">50 consells pr\u00e0ctics per fer expressions orals<\/a>.<\/li>\n<\/ul>\n<\/li>\n<\/ul>\n<\/li>\n<\/ul>\n<p>&nbsp;<\/p>\n<p style=\"color: #333333\"><span style=\"color: #000000\"><strong>Tasca de mon\u00f2leg breu<\/strong><\/span><\/p>\n<ul style=\"color: #333333\">\n<li style=\"list-style-type: none\">\n<ul style=\"color: #333333\">\n<li style=\"list-style-type: none\">\n<ul style=\"color: #333333\">\n<li>Pensa una situaci\u00f3 comunicativa concreta que pugui adequar-se a una de les\u00a0tres\u00a0propostes de mon\u00f2leg.<\/li>\n<li>Analitza la situaci\u00f3 comunicativa en qu\u00e8 s&#8217;emmarca la teva intervenci\u00f3: audi\u00e8ncia, context, objectius, etc. Tenint en compte aquesta an\u00e0lisi, tria i decideix el grau de formalitat, l&#8217;estructura i els continguts de la intervenci\u00f3.<\/li>\n<li>Esbossa el <strong>gui\u00f3<\/strong> de la teva presentaci\u00f3 tenint en compte les tres subtasques demanades.<\/li>\n<li>Assaja-la i <strong>enregistra&#8217;n l&#8217;assaig<\/strong> per visionar-lo amb atenci\u00f3.<\/li>\n<li><strong>Analitza<\/strong> la teva presentaci\u00f3 tenint en compte els <a href=\"http:\/\/pagines.uab.cat\/cal\/content\/llengua-oral\">seg\u00fcents <\/a><span style=\"color: #152a3d\"><a href=\"http:\/\/pagines.uab.cat\/cal\/content\/llengua-oral\">aspectes cr\u00edtics en la producci\u00f3 d\u2019una exposici\u00f3 oral<\/a>: gesti\u00f3 de la repetici\u00f3, control de la modalitzaci\u00f3, control de la cortesia, control de la comunicaci\u00f3 no verbal, relaci\u00f3 entre els suports escrits utilitzats i la llengua oral,\u00a0progressi\u00f3 tem\u00e0tica i efectes ret\u00f2rics.\u00a0<\/span><\/li>\n<li><strong>Presenta-la<\/strong> a classe el dia previst. En acabat, els teus companys et faran les preguntes adients a la teva exposici\u00f3 i en farem una <a href=\"http:\/\/blogs.uab.cat\/catalaeducacio\/files\/2016\/02\/Educacio_Oral_criteris_correccio.pdf\" rel=\"\">valoraci\u00f3 conjunta<\/a>.<\/li>\n<\/ul>\n<\/li>\n<\/ul>\n<\/li>\n<\/ul>\n<p>&nbsp;<\/p>\n","protected":false},"excerpt":{"rendered":"<p>&nbsp; Objectius En aquest nivell cal tenir la capacitat de produir una exposici\u00f3 oral estructurada, coherent i adequada a la situaci\u00f3 comunicativa. A classe practicarem tant mon\u00f2legs adre\u00e7ats a adults en situacions m\u00e9s formals (reunions de pares, intervencions al claustre &hellip; <a href=\"https:\/\/blogs.uab.cat\/catalaeducacio\/expressio-oral\/\">Continua llegint <span class=\"meta-nav\">&rarr;<\/span><\/a><\/p>\n","protected":false},"author":269,"featured_media":0,"parent":0,"menu_order":0,"comment_status":"closed","ping_status":"closed","template":"","meta":[],"_links":{"self":[{"href":"https:\/\/blogs.uab.cat\/catalaeducacio\/wp-json\/wp\/v2\/pages\/11"}],"collection":[{"href":"https:\/\/blogs.uab.cat\/catalaeducacio\/wp-json\/wp\/v2\/pages"}],"about":[{"href":"https:\/\/blogs.uab.cat\/catalaeducacio\/wp-json\/wp\/v2\/types\/page"}],"author":[{"embeddable":true,"href":"https:\/\/blogs.uab.cat\/catalaeducacio\/wp-json\/wp\/v2\/users\/269"}],"replies":[{"embeddable":true,"href":"https:\/\/blogs.uab.cat\/catalaeducacio\/wp-json\/wp\/v2\/comments?post=11"}],"version-history":[{"count":38,"href":"https:\/\/blogs.uab.cat\/catalaeducacio\/wp-json\/wp\/v2\/pages\/11\/revisions"}],"predecessor-version":[{"id":2053,"href":"https:\/\/blogs.uab.cat\/catalaeducacio\/wp-json\/wp\/v2\/pages\/11\/revisions\/2053"}],"wp:attachment":[{"href":"https:\/\/blogs.uab.cat\/catalaeducacio\/wp-json\/wp\/v2\/media?parent=11"}],"curies":[{"name":"wp","href":"https:\/\/api.w.org\/{rel}","templated":true}]}}